{"id":5388,"date":"2024-08-05T10:30:07","date_gmt":"2024-08-05T13:30:07","guid":{"rendered":"https:\/\/ens5-caba.infd.edu.ar\/sitio\/?page_id=5388"},"modified":"2024-10-15T08:53:27","modified_gmt":"2024-10-15T11:53:27","slug":"2024-2","status":"publish","type":"page","link":"https:\/\/ens5-caba.infd.edu.ar\/sitio\/2024-2\/","title":{"rendered":"2024"},"content":{"rendered":"\n<h4 class=\"wp-block-heading has-text-align-center has-accent-color has-text-color\">Resultado votaci\u00f3n Rector\/a<\/h4>\n\n\n\n<p>Comunidad de la ENS 5:<\/p>\n\n\n\n<p><br>En el dia de ayer se realiz\u00f3 el escrutinio del acto elecciionario donde result\u00f3 ganadora la profesora Viviana Alonso con el<strong>\u00a084,9 %<\/strong>\u00a0de los votos. Felicitamos a la profesora e invitamos a su asunci\u00f3n el lunes 14 de octubre a las 10 hs.<\/p>\n\n\n\n<p><strong><em>Junta Electoral<\/em><\/strong><\/p>\n\n\n\n<hr class=\"wp-block-separator has-alpha-channel-opacity\"\/>\n\n\n\n<h4 class=\"wp-block-heading has-text-align-center has-accent-color has-text-color\">Postulaciones para cubrir el cargo de RECTOR\/A<\/h4>\n\n\n\n<p>Estimada comunidad educativa de la ENS N\u00b0 5:<\/p>\n\n\n\n<p>El d\u00eda 12 de septiembre se cumpli\u00f3 el plazo de presentaci\u00f3n de postulaciones para cubrir el cargo de RECTOR\/A de la instituci\u00f3n. Queremos informar que se ha presentado la profesora Viviana Alonso lista 5 \u00abG\u00fcemes\u00bb.<\/p>\n\n\n\n<p>Adjuntamos el proyecto presentado para que est\u00e9 en conocimiento de todos\/as.<\/p>\n\n\n\n<p>Recordamos que hasta el 20\/09 es la fecha para presentar impugnaciones a la candidatura.<br>De no haber incovenientes de acuerdo al cronograma presentado entre el 23 y el 27 de septiembre se realizar\u00e1n los encuentros de presentaci\u00f3n de la propuesta en la que se podr\u00e1 conversar con la candidata.<\/p>\n\n\n\n<p><br>Saludos cordiales<\/p>\n\n\n\n<p><br><strong><em>Junta Electoral<\/em><\/strong><\/p>\n\n\n\n<div class=\"wp-block-file\"><a id=\"wp-block-file--media-8d4b1add-e47f-4cf2-90fe-e99f03d65550\" href=\"https:\/\/ens5-caba.infd.edu.ar\/sitio\/wp-content\/uploads\/2024\/09\/PROYECTO-PARA-EL-CARGO-DE-RECTORA-DE-LA-ENS-N\u00b0-5.pdf\" target=\"_blank\" rel=\"noreferrer noopener\">PROYECTO PARA EL CARGO DE RECTORA DE LA ENS N\u00b05<\/a><a href=\"https:\/\/ens5-caba.infd.edu.ar\/sitio\/wp-content\/uploads\/2024\/09\/PROYECTO-PARA-EL-CARGO-DE-RECTORA-DE-LA-ENS-N\u00b0-5.pdf\" class=\"wp-block-file__button wp-element-button\" download aria-describedby=\"wp-block-file--media-8d4b1add-e47f-4cf2-90fe-e99f03d65550\">Descarga<\/a><\/div>\n\n\n\n<hr class=\"wp-block-separator has-alpha-channel-opacity\"\/>\n\n\n\n<p class=\"has-text-align-center has-accent-color has-text-color\" style=\"font-size:28px\"><strong>Resultado de la Elecci\u00f3n de Regente de Nivel Terciario<\/strong><\/p>\n\n\n\n<p>Estimada comunidad, en el d\u00eda de ayer se realiz\u00f3 el escrutinio de las elecciones para el cargo de Regente. Los resultados son:&nbsp;Result\u00f3 electa la profesora Anal\u00eda Bianchini con un 91% de los votos positivos.<\/p>\n\n\n\n<p>Felicitamos a todos\/as los que participaron de este proceso de elecci\u00f3n y auguramos una muy buena gesti\u00f3n a la profesora Anal\u00eda Bianchini.<\/p>\n\n\n\n<p><strong>ELECCIONES REGENTE Nivel Terciario<\/strong><\/p>\n\n\n<div class=\"wp-block-image is-style-default\">\n<figure class=\"aligncenter size-full is-resized\"><img decoding=\"async\" loading=\"lazy\" src=\"https:\/\/ens5-caba.infd.edu.ar\/sitio\/wp-content\/uploads\/2024\/08\/Resultados.jpg\" alt=\"\" class=\"wp-image-5380\" width=\"751\" height=\"228\" srcset=\"https:\/\/ens5-caba.infd.edu.ar\/sitio\/wp-content\/uploads\/2024\/08\/Resultados.jpg 1028w, https:\/\/ens5-caba.infd.edu.ar\/sitio\/wp-content\/uploads\/2024\/08\/Resultados-1000x304.jpg 1000w, https:\/\/ens5-caba.infd.edu.ar\/sitio\/wp-content\/uploads\/2024\/08\/Resultados-768x234.jpg 768w\" sizes=\"(max-width: 751px) 100vw, 751px\" \/><\/figure><\/div>","protected":false},"excerpt":{"rendered":"<p>Resultado votaci\u00f3n Rector\/a Comunidad de la ENS 5: En el dia de ayer se realiz\u00f3 el escrutinio del acto elecciionario donde result\u00f3 ganadora la profesora Viviana Alonso con el\u00a084,9 %\u00a0de los votos. Felicitamos a la profesora e invitamos a su asunci\u00f3n el lunes 14 de octubre a las 10 hs. Junta Electoral Postulaciones para cubrir &#8230; <a title=\"2024\" class=\"read-more\" href=\"https:\/\/ens5-caba.infd.edu.ar\/sitio\/2024-2\/\" aria-label=\"More on 2024\">[+]<\/a><\/p>\n","protected":false},"author":1201,"featured_media":0,"parent":0,"menu_order":0,"comment_status":"closed","ping_status":"closed","template":"","meta":[],"acf":[],"_links":{"self":[{"href":"https:\/\/ens5-caba.infd.edu.ar\/sitio\/wp-json\/wp\/v2\/pages\/5388"}],"collection":[{"href":"https:\/\/ens5-caba.infd.edu.ar\/sitio\/wp-json\/wp\/v2\/pages"}],"about":[{"href":"https:\/\/ens5-caba.infd.edu.ar\/sitio\/wp-json\/wp\/v2\/types\/page"}],"author":[{"embeddable":true,"href":"https:\/\/ens5-caba.infd.edu.ar\/sitio\/wp-json\/wp\/v2\/users\/1201"}],"replies":[{"embeddable":true,"href":"https:\/\/ens5-caba.infd.edu.ar\/sitio\/wp-json\/wp\/v2\/comments?post=5388"}],"version-history":[{"count":5,"href":"https:\/\/ens5-caba.infd.edu.ar\/sitio\/wp-json\/wp\/v2\/pages\/5388\/revisions"}],"predecessor-version":[{"id":5495,"href":"https:\/\/ens5-caba.infd.edu.ar\/sitio\/wp-json\/wp\/v2\/pages\/5388\/revisions\/5495"}],"wp:attachment":[{"href":"https:\/\/ens5-caba.infd.edu.ar\/sitio\/wp-json\/wp\/v2\/media?parent=5388"}],"curies":[{"name":"wp","href":"https:\/\/api.w.org\/{rel}","templated":true}]}}